{"id":11,"date":"2012-04-15T16:29:18","date_gmt":"2012-04-15T16:29:18","guid":{"rendered":"http:\/\/www.briese.spencker.de\/?page_id=11"},"modified":"2016-08-04T10:03:45","modified_gmt":"2016-08-04T10:03:45","slug":"die-band","status":"publish","type":"page","link":"https:\/\/www.van-tied-to-tied.de\/?page_id=11","title":{"rendered":"Die Band"},"content":{"rendered":"<h2>Elements<\/h2>\n<p style=\"text-align: left;\"><img decoding=\"async\" loading=\"lazy\" class=\"alignleft\" src=\"http:\/\/www.spencker.de\/wp\/wp-content\/uploads\/2012\/05\/Kloepperfotodesign-10a1.jpg\" alt=\"\" width=\"1037\" height=\"691\" \/><em>v.l.n.r:<\/em>\u00a0<strong>Timo Warnecke<\/strong>, <em>Schlagzeug,\u00a0<\/em><strong>Klaus Spencker<\/strong>,<em> Gitarre,\u00a0<\/em><\/em><strong>Peter Schwebs<\/strong>, <em>Kontrabass,\u00a0<\/em><strong>Felix Petry<\/strong>,\u00a0<em>Saxofon, Klarinette,<\/em><em>\u00a0<\/em><strong>Eike Wulfmeier<\/strong>,<em>\u00a0Klavier<\/em><\/p>\n<h2 style=\"text-align: left;\">Timo Warnecke<\/h2>\n<p style=\"text-align: left;\">Timo Warnecke stammt aus S\u00fcdniedersachsen und lebt und arbeitet als Musiker in Hannover. Als Sideman in verschiedensten Projekten, vom akustischen Singer-Songwriter Trio, typischen kleinen Jazzcombos mit und auch ohne Gesang, untypischen und experimentellen Improvisationsensembles bis hin zur gro\u00dfen Jazzorchester-Besetzung ist er auf zahlreichen CD-Ver\u00f6ffentlichungen und auf Club- und Festivalkonzerten zu h\u00f6ren. Konzertreisen f\u00fchrten ihn z.B. nach Mittelamerika, S\u00fcdosteuropa und Skandinavien.<br \/>\n<a href=\"http:\/\/www.timowarnecke.de\/\">www.timowarnecke.de<\/a><\/p>\n<h2>Peter Schwebs<\/h2>\n<p>Peter Schwebs lebt in Hannover, New York und Berlin.\u00a0Nach seinem Studium an der Hochschule f\u00fcr Musik\u00a0 und Theater in Hannover 2000 bis 2005 studierte er an der New York University mit einem Stipendium der Fulbright Kommission \u201eJazz Performance &amp; Composition\u201c.<br \/>\nPeter Schwebs erhielt Preise und Auszeichnungen bei verschiedenen nationalen und internationalen Wettbewerben, u.a. Jazzpodium Niedersachsen, Nieders\u00e4chsischer Jazzpreis und Concurso Internacional de Int\u00e9rpretes de Jazz in Granada, Spanien. 2008 bekam er den Barney Josephson Award for Excellence in Jazz von der New York University. In 2011 erhielt er das K\u00fcnstlerstipendium f\u00fcr Musik und Komposition des Landes Niedersachsen.<br \/>\nPeter trat auf internationalen Festivals im In- und Ausland auf: Montreux Jazz Festival (Schweiz), Umbria Jazz (Italien), u. a. .\u00a0 Er wirkte bei verschiedenen Fernseh- und Rundfunkproduktionen sowie CD-Aufnahmen mit und arbeitete u. a. mit\u00a0 Teo Macero, Lee Konitz, Larry Coryell and Alex Sipiagin, schultzing feat. Mateusz Smoczynski, Stefan Schultze \u2013 Large Ensemble, Kenny Werner, Joe Lovano, George Garzone, Lenny Pickett, Chris Potter und Randy Brecker zusammen.<br \/>\nSein erstes eigenes Album \u201eStories from Sugar Hill\u201c erschien im August 2010.<br \/>\n<a title=\"Homepage Peter Schwebs\" href=\"http:\/\/www.peterschwebs.com\" target=\"_blank\">www.peterschwebs.com<\/a><\/p>\n<h2>Felix Petry<\/h2>\n<p>Felix Petry lebt seit 6 Jahren in Hannover. Er komponiert und spielt Saxophon, Klarinette und Querfl\u00f6te. Nach dem Musikstudium in K\u00f6ln lebt und arbeitet er als freier Musiker. Dabei entstanden CD&#8217;s mit Randy Brecker, Dee Daniels, der &#8222;Felix Petry Group&#8220;, Christoph Eidens &#8222;Tropic Ville&#8220;, seinem &#8222;Mexiko Trio&#8220;, &#8222;Feliz&#8220; u.a.\u00a0Konzertreisen f\u00fchren ihn nach Kanada, Indien, China, \u00c4thiopien und Mexiko. 2005 arbeitet er mit Rashid Ali und Sonny Fortune. 2010 folgen Konzerte mit Steve Swell, Michael Jeffrey Stevens, Ramon Lopez und Joe Fonda. Im Duo mit Joe Fonda entstand im Januar 2012 die CD &#8222;fishing deep&#8220;.<br \/>\n<a title=\"Homepage Felix Petry\" href=\"http:\/\/www.felix-petry.de\" target=\"_blank\">www.felix-petry.de<\/a><\/p>\n<h2>Eike Wulfmeier<\/h2>\n<p>Der in Berlin und Hannover lebende Pianist Eike Wulfmeier spielt aktuell in\u00a0vielseitigen Ensembles von zeitgen\u00f6ssischen Jazzbands bis hin zu\u00a0folkloristisch und klassisch gepr\u00e4gten Besetzungen.\u00a0Neben seiner T\u00e4tigkeit als freischaffender Pianist arbeitet er auch als\u00a0Komponist und Dozent f\u00fcr Jazz-Piano an der Hochschule f\u00fcr Musik, Theater und\u00a0Medien Hannover.<br \/>\nEike Wulfmeier ver\u00f6ffentlichte CDs sowohl als Sideman als auch in eigenen\u00a0Formationen und wurde vielfach ausgezeichnet, unter anderem mit dem\u00a0Jazzpodiumspreis, und zuletzt mit dem zweiten Platz des &#8222;Neuen Deutschen\u00a0Jazzpreis 2012&#8220; in Mannheim.<\/p>\n<p>&#8222;Das Spiel des Pianisten zeichnet sich durch pr\u00e4zises Timing aus. Seine\u00a0ausgefeilte Technik und seine nur als au\u00dfergew\u00f6hnlich zu bezeichnende\u00a0Energie ger\u00e4t ihm dabei jedoch nie zum Selbstzweck.&#8220; <em>(Piano News 2011)<\/em><br \/>\n<a title=\"Hompage Eike Wulfmeier\" href=\"http:\/\/www.eikewulfmeier.de\/\" target=\"_blank\">www.eikewulfmeier.de<\/a><\/p>\n","protected":false},"excerpt":{"rendered":"<p>Elements v.l.n.r:\u00a0Timo Warnecke, Schlagzeug,\u00a0Klaus Spencker, Gitarre,\u00a0Peter Schwebs, Kontrabass,\u00a0Felix Petry,\u00a0Saxofon, Klarinette,\u00a0Eike Wulfmeier,\u00a0Klavier Timo Warnecke Timo Warnecke stammt aus S\u00fcdniedersachsen und lebt und arbeitet als Musiker in Hannover. Als Sideman in verschiedensten Projekten, vom akustischen Singer-Songwriter Trio, typischen kleinen Jazzcombos mit und &hellip; <a href=\"https:\/\/www.van-tied-to-tied.de\/?page_id=11\">Lesen fortsetzen <span class=\"meta-nav\">&rarr;<\/span><\/a><\/p>\n","protected":false},"author":1,"featured_media":137,"parent":0,"menu_order":4,"comment_status":"closed","ping_status":"closed","template":"","meta":[],"_links":{"self":[{"href":"https:\/\/www.van-tied-to-tied.de\/index.php?rest_route=\/wp\/v2\/pages\/11"}],"collection":[{"href":"https:\/\/www.van-tied-to-tied.de\/index.php?rest_route=\/wp\/v2\/pages"}],"about":[{"href":"https:\/\/www.van-tied-to-tied.de\/index.php?rest_route=\/wp\/v2\/types\/page"}],"author":[{"embeddable":true,"href":"https:\/\/www.van-tied-to-tied.de\/index.php?rest_route=\/wp\/v2\/users\/1"}],"replies":[{"embeddable":true,"href":"https:\/\/www.van-tied-to-tied.de\/index.php?rest_route=%2Fwp%2Fv2%2Fcomments&post=11"}],"version-history":[{"count":31,"href":"https:\/\/www.van-tied-to-tied.de\/index.php?rest_route=\/wp\/v2\/pages\/11\/revisions"}],"predecessor-version":[{"id":819,"href":"https:\/\/www.van-tied-to-tied.de\/index.php?rest_route=\/wp\/v2\/pages\/11\/revisions\/819"}],"wp:featuredmedia":[{"embeddable":true,"href":"https:\/\/www.van-tied-to-tied.de\/index.php?rest_route=\/wp\/v2\/media\/137"}],"wp:attachment":[{"href":"https:\/\/www.van-tied-to-tied.de\/index.php?rest_route=%2Fwp%2Fv2%2Fmedia&parent=11"}],"curies":[{"name":"wp","href":"https:\/\/api.w.org\/{rel}","templated":true}]}}